{"id":706,"date":"2024-02-06T20:51:30","date_gmt":"2024-02-06T18:51:30","guid":{"rendered":"https:\/\/www.kulturosvirene.lt\/?post_type=renginiai-galerija&#038;p=706"},"modified":"2024-02-06T20:51:31","modified_gmt":"2024-02-06T18:51:31","slug":"kulturos-vireneje-spektaklio-toli-is-arti-premjera","status":"publish","type":"renginiai-galerija","link":"https:\/\/www.kulturosvirene.lt\/en\/renginiai-galerija\/kulturos-vireneje-spektaklio-toli-is-arti-premjera\/","title":{"rendered":"&#8220;Kult\u016bros viren\u0117je&#8221; &#8211;  spektaklio &#8220;Toli i\u0161 arti&#8221; premjera"},"content":{"rendered":"\n<p>2024 m. sausio 19, 20 dienomis  &#8220;Kult\u016bros viren\u0117je&#8221; pristatytas Kuli\u0173 kra\u0161to bendruomen\u0117s &#8220;Alantas&#8221; vykdomo projekto &#8220;Atvira bendruomen\u0117s k\u016brybos erdv\u0117 Kuliuose&#8221; partnerio &#8220;Ta\u0161ko teatras&#8221; premjera &#8211; dokumentinis spektaklis \u201eToli i\u0161 Arti\u201c.<\/p>\n\n\n\n<p>Tai istorija, kuri atskleid\u017eia tikras vaik\u0173 globos namuose augusi\u0173 \u017emoni\u0173 istorijas, i\u0161gyvenimus ir patirtis. \u0160iai itin pa\u017eeid\u017eiamai socialinei grupei da\u017enai b\u016bdingas \u017eemesnis i\u0161silavinimas, bendravimo sunkumai, adaptacijos visuomen\u0117je geb\u0117jim\u0173 tr\u016bkumas. Spektaklyje keliami klausimai, kaip tapti s\u0117kmingu visuomen\u0117s nariu nuolat jau\u010diant emocin\u0117s paramos, artim\u0173 ry\u0161i\u0173 stygi\u0173 ir \u017eengti \u012f savaranki\u0161k\u0105 gyvenim\u0105, sulaukus pilnametyst\u0117s. <\/p>\n\n\n\n<p>K\u016brybin\u0117 komanda:<br>Re\u017eisier\u0117 \u2013 Livija Krivickait\u0117<br>Dramaturg\u0117 \u2013 Karolina Kuzborska &#8211; Urbon\u0117<br>Scenografijos ir kostium\u0173 dail\u0117 \u2013 Aist\u0117 Alksnyt\u0117, Renata Val\u010dik<br>Kompozitorius \u2013 Kristupas Bir\u017eietis<br>Vaidina: J\u016brat\u0117 Martinaityt\u0117, Laurynas Luot\u0117, Viktorija Valskyt\u0117<\/p>\n\n\n\n<p>Renginys yra projekto &#8220;Atvira bendruomen\u0117s k\u016brybos erdv\u0117 Kuliuose&#8221; dalis. \u0160is projektas \u012fgyvendinamas Europos ekonomin\u0117s erdv\u0117s finansinio mechanizmo programos &#8220;Kult\u016bra&#8221; l\u0117\u0161omis.<\/p>\n\n\n\n<p>Nuotraukos E. Sabaliauskait\u0117s.<\/p>\n","protected":false},"excerpt":{"rendered":"<p>2024 m. sausio 19, 20 dienomis &#8220;Kult\u016bros viren\u0117je&#8221; pristatytas Kuli\u0173 kra\u0161to bendruomen\u0117s &#8220;Alantas&#8221; vykdomo projekto &#8220;Atvira bendruomen\u0117s k\u016brybos erdv\u0117 Kuliuose&#8221; partnerio &#8220;Ta\u0161ko teatras&#8221; premjera &#8211; dokumentinis spektaklis \u201eToli i\u0161 Arti\u201c&#8230;.<\/p>\n","protected":false},"featured_media":713,"template":"","meta":{"footnotes":""},"renginiai-kategorija":[12],"class_list":["post-706","renginiai-galerija","type-renginiai-galerija","status-publish","has-post-thumbnail","hentry","renginiai-kategorija-teatras"],"translation":{"provider":"WPGlobus","version":"3.0.2","language":"en","enabled_languages":["lt","en"],"languages":{"lt":{"title":true,"content":true,"excerpt":false},"en":{"title":false,"content":false,"excerpt":false}}},"_links":{"self":[{"href":"https:\/\/www.kulturosvirene.lt\/en\/wp-json\/wp\/v2\/renginiai-galerija\/706","targetHints":{"allow":["GET"]}}],"collection":[{"href":"https:\/\/www.kulturosvirene.lt\/en\/wp-json\/wp\/v2\/renginiai-galerija"}],"about":[{"href":"https:\/\/www.kulturosvirene.lt\/en\/wp-json\/wp\/v2\/types\/renginiai-galerija"}],"version-history":[{"count":1,"href":"https:\/\/www.kulturosvirene.lt\/en\/wp-json\/wp\/v2\/renginiai-galerija\/706\/revisions"}],"predecessor-version":[{"id":720,"href":"https:\/\/www.kulturosvirene.lt\/en\/wp-json\/wp\/v2\/renginiai-galerija\/706\/revisions\/720"}],"wp:featuredmedia":[{"embeddable":true,"href":"https:\/\/www.kulturosvirene.lt\/en\/wp-json\/wp\/v2\/media\/713"}],"wp:attachment":[{"href":"https:\/\/www.kulturosvirene.lt\/en\/wp-json\/wp\/v2\/media?parent=706"}],"wp:term":[{"taxonomy":"renginiai-kategorija","embeddable":true,"href":"https:\/\/www.kulturosvirene.lt\/en\/wp-json\/wp\/v2\/renginiai-kategorija?post=706"}],"curies":[{"name":"wp","href":"https:\/\/api.w.org\/{rel}","templated":true}]}}