{"id":856,"date":"2024-06-17T13:53:14","date_gmt":"2024-06-17T11:53:14","guid":{"rendered":"https:\/\/www.kulturosvirene.lt\/?post_type=renginiai-galerija&#038;p=856"},"modified":"2024-06-17T13:56:54","modified_gmt":"2024-06-17T11:56:54","slug":"tarptautines-kulturines-patirtys-uzgimusios-scenoje-kuliuose","status":"publish","type":"renginiai-galerija","link":"https:\/\/www.kulturosvirene.lt\/en\/renginiai-galerija\/tarptautines-kulturines-patirtys-uzgimusios-scenoje-kuliuose\/","title":{"rendered":"Tarptautin\u0117s kult\u016brin\u0117s patirtys u\u017egimusios scenoje Kuliuose"},"content":{"rendered":"\n<p><em>Kuli\u0173 kra\u0161to bendruomenei &#8220;Alantas&#8221; vykdant projekt\u0105 &#8220;Atvira bendruomen\u0117s k\u016brybos erdv\u0117 Kuliuose&#8221; \u012f vien\u0105 scen\u0105 pakviesti \u017einomi Lietuvos ir Norvegijos menininkai.  Toki\u0173 susitikim\u0173 rezultatas &#8211; netik\u0117ti, ekspresyv\u016bs ir jaudinantys meno produktai, kuriuose susilieja norveg\u0173 ir lietuvi\u0173 kult\u016bros. <\/em><\/p>\n\n\n\n<p>Projekto partneriais sutik\u0119 b\u016bti i\u0161 Norvegijos kil\u0119 choreograf\u0117, \u0161okio pedagog\u0117 Gunhild Bj\u00f8rnsgaard ir kompozitorius Thomas Str\u00f8nen kartu Ta\u0161ko teatro aktoriais bei \u0161ok\u0117jais i\u0161 Lietuvos, ir Norvegijos suk\u016br\u0117 meditatyv\u0173 \u0161okio, ir garso k\u016brin\u012f &#8220;Tylos p\u0117dsakai&#8221;, kurio premjera \u012fvyko 2023 m. liepos m\u0117nes\u012f vykusio Sofijos festivalio metu. \u0160io choreografinio koncerto a\u0161is \u2013 aktoriams ir k\u016br\u0117jams i\u0161kil\u0119s klausimas \u2013 ar m\u016bs\u0173 pasaulyje dar egzistuoja tyla? Ar tyl\u0105 galima i\u0161girsti? Galb\u016bt ji niekam nebereikalinga?  Dramaturgin\u012f k\u016brinio pagrind\u0105 sudaro pokalbiai su Kuli\u0173 miestelio gyventojais. Atsakydami \u012f klausimus jie svarst\u0117, kas jiems \u0161iandien aktualiausia, kas yra tyla ir ar ji \u012fmanoma dabar, kai pasaulis toks neramus. <span style=\"font-size: revert; color: initial;\">Pasirodym\u0105 lyd\u0117jo fotografij\u0173 ir interviu i\u0161trauk\u0173 paroda.<\/span> <\/p>\n\n\n\n<p>K\u016brybin\u0117 &#8220;Tylos p\u0117dsakai&#8221; komanda:<\/p>\n\n\n\n<p><em>Choreograf\u0117 Gunhild Bj\u00f8rnsgaard\/Company B. ValientE<\/em>, <em>kompozitorius Thomas Str\u00f8nen (Norvegija)<\/em>, <em>\u201eTa\u0161ko teatro\u201c aktoriai:&nbsp;<\/em>Solveiga Reklaityt\u0117, Donatas Mick\u016bnas, J\u016brat\u0117 Martinaityt\u0117, Karolina Kuzborska Urbon\u0117, Kristupas Birzietis, Samanta Pinaityt\u0117.<\/p>\n\n\n\n<p>Taip pat projekto metu, bendros menin\u0117s id\u0117jos realizavimui susib\u016br\u0119s lietuvi\u0173 ir norveg\u0173 muzikant\u0173 ansamblis \u201eNepaklusnieji\u201c,  2023 m. liepos 1 d. Kuli\u0173 kult\u016bros centre pakviet\u0117 \u012f jauk\u0173, jausming\u0105 ir svajing\u0105 vakar\u0105 &#8211; misterij\u0105,  kai &#8220;Peras Giuntas susitinka \u010ciurlion\u012f&#8221;.  <\/p>\n\n\n\n<p>Publika klaus\u0117si norveg\u0173 kompozitoriaus Edwardo Griego ir m\u016bs\u0173 tautos genijaus \u010ciurlionio k\u016brini\u0173, teatro bei kino aktoriaus Alekso Kazanavi\u010diaus skaitom\u0173 i\u0161trauk\u0173 i\u0161 \u010ciurlionio lai\u0161k\u0173 ir dienora\u0161\u010di\u0173, taip pat ir fragment\u0173 i\u0161 H. Ibseno dramos \u201ePeras Giuntas\u201c.  <\/p>\n\n\n\n<p>Misterij\u0105 atliko:  Sivert Holmen (Hardangerio\u202fsmuikas, Norvegija), Ingrid Lingaas (langleikas, Norvegija), Ingrid Standal (melodeonas, Norvegija), Mihkel Kerem (smuikas, Estija), Natania Hoffman (violon\u010del\u0117, JAV). Vytautas O\u0161kinis (fleita, Lietuva), \u017dilvinas Brazauskas (klarnetas, Lietuva), Monika Kiknadz\u0117 (altas, Lietuva), Sonata Zubovien\u0117 (fortepijonas, Lietuva), Rokas Zubovas (fortepijonas, Lietuva).\u202fDirigentas \u2013 Vegard Nielsen (Norvegija).&nbsp;<\/p>\n\n\n\n<p><em>D\u0117kojame projekto &#8220;Atvira bendruomen\u0117s k\u016brybos erdv\u0117 Kuliuose&#8221; Norvegijos partneriams Gunhild Bj\u00f8rnsgaard\/Company B. Valiente, Thomas Str\u00f8nen, Opera Opus u\u017e vertingas scenos patirtis ir tarptautinius scenos produktus, unikaliai apjungusius dviej\u0173 \u0161ali\u0173 kult\u016bras. <\/em><\/p>\n\n\n\n<p>Projektas \u012fgyvendintas pasitelkiant Europos ekonomin\u0117s erdv\u0117s finansini\u0173 mechanizm\u0173 programos \u201eKult\u016bra\u201c l\u0117\u0161as.<\/p>\n\n\n\n<p><\/p>\n","protected":false},"excerpt":{"rendered":"<p>Kuli\u0173 kra\u0161to bendruomenei &#8220;Alantas&#8221; vykdant projekt\u0105 &#8220;Atvira bendruomen\u0117s k\u016brybos erdv\u0117 Kuliuose&#8221; \u012f vien\u0105 scen\u0105 pakviesti \u017einomi Lietuvos ir Norvegijos menininkai. Toki\u0173 susitikim\u0173 rezultatas &#8211; netik\u0117ti, ekspresyv\u016bs ir jaudinantys meno produktai,&#8230;<\/p>\n","protected":false},"featured_media":866,"template":"","meta":{"footnotes":""},"renginiai-kategorija":[15,11,14,12],"class_list":["post-856","renginiai-galerija","type-renginiai-galerija","status-publish","has-post-thumbnail","hentry","renginiai-kategorija-kiti","renginiai-kategorija-muzika","renginiai-kategorija-rezidencijos","renginiai-kategorija-teatras"],"translation":{"provider":"WPGlobus","version":"3.0.2","language":"en","enabled_languages":["lt","en"],"languages":{"lt":{"title":true,"content":true,"excerpt":false},"en":{"title":false,"content":false,"excerpt":false}}},"_links":{"self":[{"href":"https:\/\/www.kulturosvirene.lt\/en\/wp-json\/wp\/v2\/renginiai-galerija\/856","targetHints":{"allow":["GET"]}}],"collection":[{"href":"https:\/\/www.kulturosvirene.lt\/en\/wp-json\/wp\/v2\/renginiai-galerija"}],"about":[{"href":"https:\/\/www.kulturosvirene.lt\/en\/wp-json\/wp\/v2\/types\/renginiai-galerija"}],"version-history":[{"count":2,"href":"https:\/\/www.kulturosvirene.lt\/en\/wp-json\/wp\/v2\/renginiai-galerija\/856\/revisions"}],"predecessor-version":[{"id":868,"href":"https:\/\/www.kulturosvirene.lt\/en\/wp-json\/wp\/v2\/renginiai-galerija\/856\/revisions\/868"}],"wp:featuredmedia":[{"embeddable":true,"href":"https:\/\/www.kulturosvirene.lt\/en\/wp-json\/wp\/v2\/media\/866"}],"wp:attachment":[{"href":"https:\/\/www.kulturosvirene.lt\/en\/wp-json\/wp\/v2\/media?parent=856"}],"wp:term":[{"taxonomy":"renginiai-kategorija","embeddable":true,"href":"https:\/\/www.kulturosvirene.lt\/en\/wp-json\/wp\/v2\/renginiai-kategorija?post=856"}],"curies":[{"name":"wp","href":"https:\/\/api.w.org\/{rel}","templated":true}]}}