{"id":740,"date":"2024-02-09T20:59:31","date_gmt":"2024-02-09T18:59:31","guid":{"rendered":"https:\/\/www.kulturosvirene.lt\/?post_type=renginiai&#038;p=740"},"modified":"2024-02-09T20:59:59","modified_gmt":"2024-02-09T18:59:59","slug":"premjera-imersinis-spektaklis-ispazintis-su-valentinu-masalskiu-2","status":"publish","type":"renginiai","link":"https:\/\/www.kulturosvirene.lt\/en\/renginiai\/premjera-imersinis-spektaklis-ispazintis-su-valentinu-masalskiu-2\/","title":{"rendered":"Premjera. Imersinis spektaklis \u201eI\u0161pa\u017eintis\u201c           su Valentinu Masalskiu"},"content":{"rendered":"\n<p>Aktorius Valentinas Masalskis sako, kad \u017emogui sunku gyventi ne\u017einioje \u2013 ie\u0161kome<br>greit\u0173 ir ai\u0161ki\u0173 atsakym\u0173, kurie nuramint\u0173 ir supaprastint\u0173 kasdienyb\u0119. Filosofai, teologai ir mokslininkai \u0161iandien atsak\u0117 \u012f daug mums r\u016bpim\u0173 klausim\u0173, liko tik pagrindinis \u2013 kokia gyvenimo prasm\u0117? Atsakymo \u012f j\u012f V. Masalskis ie\u0161ko naujame netik\u0117to formato spektaklyje \u201eI\u0161pa\u017eintis\u201c.<\/p>\n\n\n\n<p><br>Spektaklis \u201eI\u0161pa\u017eintis\u201c remiasi Levo Tolstojaus dienora\u0161\u010dio stiliaus tekstu, kuris aktori\u0173 Valentin\u0105 Masalsk\u012f sudomino ma\u017edaug prie\u0161 30 met\u0173. \u0160ios u\u017eduoties V. Masalskis \u0117m\u0117si drauge su savo mokiniu, jaunosios kartos teatro re\u017eisieriumi Pauliumi Pinigiu. \u201eSpektaklyje apie gyvenimo prasm\u0119 m\u0105stome i\u0161 trij\u0173 perspektyv\u0173 \u2013 mokslo, filosofijos ir religijos. N\u0117 viename i\u0161 \u0161i\u0173 d\u0117men\u0173 Tolstojus nerado galutinio, j\u012f raminan\u010dio atsakymo. Abejon\u0117 yra \u201eI\u0161pa\u017einties\u201c esm\u0117\u201c \u2013 sako V. Masalskis.<\/p>\n\n\n\n<p><br>Spektaklis \u201eI\u0161pa\u017eintis\u201c yra tampriai susij\u0119s su erdve, kurioje bus rodomas \u2013 tai \u201eKult\u016bros viren\u0117\u201d, neseniai duris atv\u0117rusi nauja meno ir bendruomen\u0117s vieta Kuliuose.&nbsp; Rekonstruotas XVIII a. istorinis pastatas su labirint\u0105 primenan\u010diu r\u016bsiu, skliautuotomis sal\u0117mis ir jaukia pal\u0117pe be tradicin\u0117s teatro scenos leid\u017eia vystyti spektaklio veiksm\u0105 sustiprinant atminties ir am\u017einumo temas. P. Pinigio re\u017eisuojamam spektakliui scenografij\u0105 ruo\u0161ia scenograf\u0117 R\u016bta Venskut\u0117 ir tai nebus \u017ei\u016brovams \u012fprasto formato teatro pastatymas. Imersinio spektaklio veiksmas vyks visuose trijuose namo auk\u0161tuose, o po juos pasklid\u0119 \u017ei\u016brovai i\u0161vys skirtingas to paties k\u016brinio variacijas, spektaklio metu ne tik jud\u0117s, bet ir atliks tam tikras u\u017eduotis.<br>Imersiniame spektaklyje publikos dalyvavimas da\u017eniausiai neapribojamas vien vyksmo \u017ei\u016br\u0117jimu, steb\u0117jimu, siekiama paveikti visus \u017ei\u016brovo poj\u016b\u010dius.<\/p>\n\n\n\n<p><br>Aktorius Valentinas Masalskis imersiniame spektaklyje \u201eI\u0161pa\u017eintis\u201c keliaus per \u201eKult\u016bros viren\u0117s\u201c erdves, akis \u012f ak\u012f susitiks su pastato r\u016bsyje, sal\u0117se ar pal\u0117p\u0117je esan\u010diais \u017ei\u016brovais \u2013 d\u0117l autenti\u0161k\u0173 kamerini\u0173 erdvi\u0173 j\u0173 skai\u010dius bus itin ribotas. Kamerin\u0117se \u201eKult\u016bros viren\u0117s\u201c patalpose\u2013 intensyvi, teatrin\u0117 patirtis bus pasi\u016blyta kiekvienam, atvykusiam \u012f \u201eI\u0161pa\u017einties\u201c arba gyvenimo prasm\u0117s paie\u0161kos seans\u0105. \u201eKult\u016bros viren\u0117s\u201c sve\u010diai kvie\u010diami nusiteikti interaktyviai ir ne\u012fprastai \u012ftraukian\u010diai teatro patir\u010diai.Be V. Masalskio vaidina ir jaunosios kartos aktoriai Jogaila \u0160imkus ir Simona Grigoryan, vaizdo ir garso re\u017eisierius aktorius Donatas Mick\u016bnas.<\/p>\n\n\n\n<p><strong>Bilietus \u012f spektaklio \u201eI\u0161pa\u017eintis\u201c premjer\u0105 kovo 1-2 dienomis galite \u012fsigyti : <a rel=\"noreferrer noopener\" href=\"https:\/\/www.bilietai.lt\/lit\/renginiai\/teatras\/imersinis-spektaklis-ispazintis-89887\/?fbclid=IwAR0WzDzhZNNQ05DLkJKvMS3L5YNkL18HWpYWlL2qSiO_yWCPHsZBXu2RzSU\" target=\"_blank\">https:\/\/www.bilietai.lt\/\u2026\/imersinis-spektaklis\u2026\/<\/a><\/strong><\/p>\n\n\n\n<p>Spektaklis yra projekto \u201eAtvira bendruomen\u0117s k\u016brybos erdv\u0117 Kuliuose\u201c dalis ir \u012fgyvendintas pasitelkiant Europos ekonomin\u0117s erdv\u0117s finansini\u0173 mechanizm\u0173 programos \u201eKult\u016bra\u201c l\u0117\u0161as.<\/p>\n\n\n\n<p><\/p>\n","protected":false},"excerpt":{"rendered":"<p>Aktorius Valentinas Masalskis sako, kad \u017emogui sunku gyventi ne\u017einioje \u2013 ie\u0161komegreit\u0173 ir ai\u0161ki\u0173 atsakym\u0173, kurie nuramint\u0173 ir supaprastint\u0173 kasdienyb\u0119. Filosofai, teologai ir mokslininkai \u0161iandien atsak\u0117 \u012f daug mums r\u016bpim\u0173 klausim\u0173,&#8230;<\/p>\n","protected":false},"featured_media":722,"template":"","meta":{"footnotes":""},"renginiai-kategorija":[12],"class_list":["post-740","renginiai","type-renginiai","status-publish","has-post-thumbnail","hentry","renginiai-kategorija-teatras"],"translation":{"provider":"WPGlobus","version":"3.0.2","language":"en","enabled_languages":["lt","en"],"languages":{"lt":{"title":true,"content":true,"excerpt":false},"en":{"title":false,"content":false,"excerpt":false}}},"_links":{"self":[{"href":"https:\/\/www.kulturosvirene.lt\/en\/wp-json\/wp\/v2\/renginiai\/740","targetHints":{"allow":["GET"]}}],"collection":[{"href":"https:\/\/www.kulturosvirene.lt\/en\/wp-json\/wp\/v2\/renginiai"}],"about":[{"href":"https:\/\/www.kulturosvirene.lt\/en\/wp-json\/wp\/v2\/types\/renginiai"}],"version-history":[{"count":1,"href":"https:\/\/www.kulturosvirene.lt\/en\/wp-json\/wp\/v2\/renginiai\/740\/revisions"}],"predecessor-version":[{"id":741,"href":"https:\/\/www.kulturosvirene.lt\/en\/wp-json\/wp\/v2\/renginiai\/740\/revisions\/741"}],"wp:featuredmedia":[{"embeddable":true,"href":"https:\/\/www.kulturosvirene.lt\/en\/wp-json\/wp\/v2\/media\/722"}],"wp:attachment":[{"href":"https:\/\/www.kulturosvirene.lt\/en\/wp-json\/wp\/v2\/media?parent=740"}],"wp:term":[{"taxonomy":"renginiai-kategorija","embeddable":true,"href":"https:\/\/www.kulturosvirene.lt\/en\/wp-json\/wp\/v2\/renginiai-kategorija?post=740"}],"curies":[{"name":"wp","href":"https:\/\/api.w.org\/{rel}","templated":true}]}}