{"id":760,"date":"2024-04-17T09:19:34","date_gmt":"2024-04-17T07:19:34","guid":{"rendered":"https:\/\/www.kulturosvirene.lt\/?post_type=renginiai&#038;p=760"},"modified":"2025-06-04T09:32:50","modified_gmt":"2025-06-04T07:32:50","slug":"parodu-atidarymas-kulturos-vireneje","status":"publish","type":"renginiai","link":"https:\/\/www.kulturosvirene.lt\/en\/renginiai\/parodu-atidarymas-kulturos-vireneje\/","title":{"rendered":"SOFIJOS festivalis| Parod\u0173 atidarymas Kult\u016bros viren\u0117je"},"content":{"rendered":"\n<p>Dailininkas Eimutis Mark\u016bnas parodoje pristatys \u0161iais metais sukurtus tapybos darbus, kurie kartu su grafikos darbais sudaro kolekcij\u0105 \u201eTransfuzijos\u201c, kas rei\u0161kia \u201e perpylimas , perliejimas\u201c. Autorius apib\u016bdina savo tapymo brai\u017e\u0105 ( stili\u0173 ) kaip psichinio automatizmo sfer\u0105, kai \u012fgyta gyvenimo patirtis, gesto pagalba, vienaip ar kitaip nugula ant drob\u0117s sudarydama realias formas ir strukt\u016bras esan\u010dias gamtoje, taip i\u0161 vienos pus\u0117s atsiremdamos \u012f real\u0173 gyvenim\u0105, i\u0161 kitos sudarydamos siurrealistin\u012f vaizd\u0105. Grafikos darbai sukurti tokiu pat automatizmo principu, ta\u010diau kadangi jie monochrominiai, turi daugiau atpa\u017e\u012fstamu realistini\u0173 element\u0173. Darbai atlikti akriliniais da\u017eais panaudojant autoriaus individuali\u0105 technik\u0105 \u2013 tapyba grafitu. Grafikos darbai taip pat sukurti personaline technika. Paroda tai tik ma\u017ea dalis darb\u0173 i\u0161 kolekcijos \u201eMiesto spalvinis kodas Juoda\u201c .<\/p>\n\n\n\n<p>Skulptorius Mykolas Sauka eksponuos med\u017eio skulpt\u016bras &#8211; fragmentus i\u0161 &#8220;Vaik\u0173 kambario&#8221;. \u201eVaik\u0173 kambariu vadinu medini\u0173 skulpt\u016br\u0173 grup\u0119, kuri nuolat pasipildo naujomis skulpt\u016bromis arba suma\u017e\u0117ja. Tai vienas darbas, kuris kei\u010diasi ir niekad nebus baigtas. Jud\u0117jimas link abstraktaus tikslo, kuris turi b\u016bti nepasiekiamas..\u201c, sako M. Sauka.<\/p>\n\n\n\n<p>Skulptorius Mykolas Sauka 2014 m. baig\u0117 skulpt\u016bros studijas Vilniaus dail\u0117s akademijoje, o \u0161iuo metu gyvena ir kuria Vilniuje, reziduoja Skulpt\u016bros ir vitra\u017eo centre. Nuolatin\u0119 viet\u0105 Kuliuose jau rado i\u0161skirtin\u0117s skulptoriaus M. Saukos \u012fvietinto meno skulpt\u016bros, \u012fprasminusios vie\u0161\u0105sias miestelio erdves \u2013k\u016briniai \u201eSuolelis Sofijai\u201c, \u201eVaikas ir citrina\u201c ir \u201eTekst\u016bra\u201c.<\/p>\n\n\n\n<p>Reng\u0117jas: Sofijos festivalis.<\/p>\n","protected":false},"excerpt":{"rendered":"<p>Dailininkas Eimutis Mark\u016bnas parodoje pristatys \u0161iais metais sukurtus tapybos darbus, kurie kartu su grafikos darbais sudaro kolekcij\u0105 \u201eTransfuzijos\u201c, kas rei\u0161kia \u201e perpylimas , perliejimas\u201c. Autorius apib\u016bdina savo tapymo brai\u017e\u0105 (&#8230;<\/p>\n","protected":false},"featured_media":761,"template":"","meta":{"footnotes":""},"renginiai-kategorija":[26],"class_list":["post-760","renginiai","type-renginiai","status-publish","has-post-thumbnail","hentry","renginiai-kategorija-parodos"],"translation":{"provider":"WPGlobus","version":"3.0.2","language":"en","enabled_languages":["lt","en"],"languages":{"lt":{"title":true,"content":true,"excerpt":false},"en":{"title":false,"content":false,"excerpt":false}}},"_links":{"self":[{"href":"https:\/\/www.kulturosvirene.lt\/en\/wp-json\/wp\/v2\/renginiai\/760","targetHints":{"allow":["GET"]}}],"collection":[{"href":"https:\/\/www.kulturosvirene.lt\/en\/wp-json\/wp\/v2\/renginiai"}],"about":[{"href":"https:\/\/www.kulturosvirene.lt\/en\/wp-json\/wp\/v2\/types\/renginiai"}],"version-history":[{"count":3,"href":"https:\/\/www.kulturosvirene.lt\/en\/wp-json\/wp\/v2\/renginiai\/760\/revisions"}],"predecessor-version":[{"id":938,"href":"https:\/\/www.kulturosvirene.lt\/en\/wp-json\/wp\/v2\/renginiai\/760\/revisions\/938"}],"wp:featuredmedia":[{"embeddable":true,"href":"https:\/\/www.kulturosvirene.lt\/en\/wp-json\/wp\/v2\/media\/761"}],"wp:attachment":[{"href":"https:\/\/www.kulturosvirene.lt\/en\/wp-json\/wp\/v2\/media?parent=760"}],"wp:term":[{"taxonomy":"renginiai-kategorija","embeddable":true,"href":"https:\/\/www.kulturosvirene.lt\/en\/wp-json\/wp\/v2\/renginiai-kategorija?post=760"}],"curies":[{"name":"wp","href":"https:\/\/api.w.org\/{rel}","templated":true}]}}