{"id":773,"date":"2024-05-09T19:08:41","date_gmt":"2024-05-09T17:08:41","guid":{"rendered":"https:\/\/www.kulturosvirene.lt\/?post_type=renginiai&#038;p=773"},"modified":"2025-06-04T09:44:23","modified_gmt":"2025-06-04T07:44:23","slug":"konferencija-solo-kulturinis-verslas-regione-kaip-sukurti-verte","status":"publish","type":"renginiai","link":"https:\/\/www.kulturosvirene.lt\/en\/renginiai\/konferencija-solo-kulturinis-verslas-regione-kaip-sukurti-verte\/","title":{"rendered":"SOFIJOS festivalis| Konferencija &#8220;Solo kult\u016brinis verslas regione: kaip sukurti vert\u0119?&#8221;"},"content":{"rendered":"\n<p>Solo kult\u016brinio verslo k\u016brimas regione\u2013 i\u0161\u0161\u016bki\u0173 kupinas procesas, u\u017e kurio s\u0117km\u0119, augim\u0105, pl\u0117tr\u0105 bei \u017einomum\u0105 \u012fprastai atsakingas vienas vienintelis asmuo. Solo verslo id\u0117jos autorius ir k\u016br\u0117jas tampa ne tik vadovu, bet ir buhalterijos, gamybos ar tiekimo, klient\u0173 aptarnavimo ir daugelio kit\u0173 pagrindini\u0173 verslo sri\u010di\u0173 specialistu. Visgi, d\u0117mes\u012f sukoncentravus \u012f paslaug\u0173 teikim\u0105 ar gamyb\u0105, bene did\u017eiausias i\u0161\u0161\u016bkis, tenkantis versl\u0105 kurian\u010diam \u2013 vert\u0117s k\u016brimas ir vartotojo pasiekimas regione. Kvie\u010diame dalyvauti konferencijoje \u201eSolo kult\u016brinis verslas regione: kaip sukurti vert\u0119?\u201c regionines NVO kult\u016bros organizacijas bei solo k\u016brybinius verslus, kuri vyks \ud835\uddf4\ud835\uddf2\ud835\uddf4\ud835\ude02\ud835\ude07\u030c\ud835\uddf2\u0307\ud835\ude00 \ud835\udfed\ud835\udff4 \ud835\uddf1. \ud835\udfed\ud835\udfef:\ud835\udfec\ud835\udfec \ud835\ude03\ud835\uddee\ud835\uddf9.,\ud835\uddde\ud835\ude02\ud835\uddf9\ud835\ude01\ud835\ude02\u0304\ud835\uddff\ud835\uddfc\ud835\ude00 \ud835\ude03\ud835\uddf6\ud835\uddff\ud835\uddf2\ud835\uddfb\ud835\uddf2\u0307\ud835\uddf7\ud835\uddf2 (Liep\u0173 g. 1, Kuliai).<\/p>\n\n\n\n<p>Konferencijoje kalb\u0117s ir diskusijai kvies:<\/p>\n\n\n\n<p><img loading=\"lazy\" decoding=\"async\" height=\"16\" width=\"16\" alt=\"\u25aa\ufe0f\" src=\"https:\/\/static.xx.fbcdn.net\/images\/emoji.php\/v9\/t4c\/1\/16\/25aa.png\"> Indr\u0117 Razbadauskait\u0117 \u2013 Vensk\u0117 &#8211; \u201cLighthouse Neuromarketing Lab\u201d bendra\u012fkur\u0117ja, LiMA Klaip\u0117dos skyriaus tarybos pirminink\u0117, LCC tarptautinio universiteto, ISM ir VU VM d\u0117stytoja, mentor\u0117, rinkodaros konsultant\u0117, prek\u0117s \u017eenklo \u201eNepaleisk svajon\u0117s\u201d \u012fk\u016br\u0117ja.<br><img loading=\"lazy\" decoding=\"async\" height=\"16\" width=\"16\" alt=\"\u25aa\ufe0f\" src=\"https:\/\/static.xx.fbcdn.net\/images\/emoji.php\/v9\/t4c\/1\/16\/25aa.png\"> Meda Ma\u010diuityt\u0117 &#8211; K\u016brybi\u0161kas solo verslas: nuo beproti\u0161kos id\u0117jos iki naujos mados atvedimo\u201d. Meda prekinio \u017eenklo &#8220;Garden Mood&#8221; \u012fk\u016br\u0117ja ir stiling\u0173 moteri\u0161k\u0173 sodo r\u016bb\u0173 k\u016br\u0117ja. Gal kai kam \u0161i id\u0117ja skamba beproti\u0161kai, bet i\u0161 tikro tai yra ne tik k\u016brybi\u0161kas, bet tuo pa\u010diu ir i\u0161\u0161\u016bki\u0173 kupinas verslas.<br><img loading=\"lazy\" decoding=\"async\" height=\"16\" width=\"16\" alt=\"\u25aa\ufe0f\" src=\"https:\/\/static.xx.fbcdn.net\/images\/emoji.php\/v9\/t4c\/1\/16\/25aa.png\"> Simas Buziliauskas &#8211; Aktorius, rengini\u0173 organizatorius ir ved\u0117jas, turinio socialiniams tinklams k\u016br\u0117jas. Muzikos autorius ir atlik\u0117jas.<\/p>\n\n\n\n<p>Programa:<br>13.05-13.30 &#8211; Simas Buziliauskas \u2013 Kada hobis tampa verslu?<br>13.30-14.00 &#8211; Meda Ma\u010diuityt\u0117 &#8211; K\u016brybi\u0161kas solo verslas: nuo beproti\u0161kos id\u0117jos iki naujos mados atvedimo\u201d<br>14.00-14.30 &#8211; Indr\u0117 Razbadauskait\u0117 Vensk\u0117 &#8211; da\u017eniausios marketingo klaidos ma\u017eiems verslams<br>14.30-14.45 &#8211; kavos pertrauka<br>14.45-15.15 &#8211; diskusija<br>15.15-16.15 &#8211; praktika<\/p>\n\n\n\n<p><\/p>\n\n\n\n<p>Rengin\u012f organizuoja: Sofijos festivalis.<\/p>\n\n\n\n<p>Festivalio veiklas remia Lietuvos kult\u016bros taryba ir Plung\u0117s r. savivaldyb\u0117.<\/p>\n","protected":false},"excerpt":{"rendered":"<p>Solo kult\u016brinio verslo k\u016brimas regione\u2013 i\u0161\u0161\u016bki\u0173 kupinas procesas, u\u017e kurio s\u0117km\u0119, augim\u0105, pl\u0117tr\u0105 bei \u017einomum\u0105 \u012fprastai atsakingas vienas vienintelis asmuo. Solo verslo id\u0117jos autorius ir k\u016br\u0117jas tampa ne tik vadovu,&#8230;<\/p>\n","protected":false},"featured_media":774,"template":"","meta":{"footnotes":""},"renginiai-kategorija":[15],"class_list":["post-773","renginiai","type-renginiai","status-publish","has-post-thumbnail","hentry","renginiai-kategorija-kiti"],"translation":{"provider":"WPGlobus","version":"3.0.2","language":"en","enabled_languages":["lt","en"],"languages":{"lt":{"title":true,"content":true,"excerpt":false},"en":{"title":false,"content":false,"excerpt":false}}},"_links":{"self":[{"href":"https:\/\/www.kulturosvirene.lt\/en\/wp-json\/wp\/v2\/renginiai\/773","targetHints":{"allow":["GET"]}}],"collection":[{"href":"https:\/\/www.kulturosvirene.lt\/en\/wp-json\/wp\/v2\/renginiai"}],"about":[{"href":"https:\/\/www.kulturosvirene.lt\/en\/wp-json\/wp\/v2\/types\/renginiai"}],"version-history":[{"count":3,"href":"https:\/\/www.kulturosvirene.lt\/en\/wp-json\/wp\/v2\/renginiai\/773\/revisions"}],"predecessor-version":[{"id":943,"href":"https:\/\/www.kulturosvirene.lt\/en\/wp-json\/wp\/v2\/renginiai\/773\/revisions\/943"}],"wp:featuredmedia":[{"embeddable":true,"href":"https:\/\/www.kulturosvirene.lt\/en\/wp-json\/wp\/v2\/media\/774"}],"wp:attachment":[{"href":"https:\/\/www.kulturosvirene.lt\/en\/wp-json\/wp\/v2\/media?parent=773"}],"wp:term":[{"taxonomy":"renginiai-kategorija","embeddable":true,"href":"https:\/\/www.kulturosvirene.lt\/en\/wp-json\/wp\/v2\/renginiai-kategorija?post=773"}],"curies":[{"name":"wp","href":"https:\/\/api.w.org\/{rel}","templated":true}]}}